{"id":2447,"date":"2024-10-09T08:52:45","date_gmt":"2024-10-09T06:52:45","guid":{"rendered":"https:\/\/oikos-church.ch\/?post_type=oic_infoblatt&#038;p=2447"},"modified":"2024-10-09T08:52:45","modified_gmt":"2024-10-09T06:52:45","slug":"oikos-gemeinde-infos-06-20-oktober-24","status":"publish","type":"oic_infoblatt","link":"https:\/\/oikos-church.ch\/en\/oic_infoblatt\/oikos-gemeinde-infos-06-20-oktober-24\/","title":{"rendered":"OIKOS Gemeinde-Infos: 06.-20. Oktober 24"},"content":{"rendered":"<p><b>SO, 10 Uhr:<\/b> <b>Gottesdienst, am 06.10. ist Ap\u00e9ro!<\/b><\/p>\n<p><span style=\"font-weight: 400;\">Margarethenstr.103, Basel<\/span><\/p>\n<p><b>\u00dcbertragung des Gottesdienstes \u00fcber Live-Stream (YouTube):\u00a0<\/b><\/p>\n<p><span style=\"font-weight: 400;\">Hier der <\/span><b>Link<\/b><span style=\"font-weight: 400;\">: https:\/\/www.youtube.com\/c\/OikosInternationalChurch\u00a0<\/span><\/p>\n<p><span style=\"font-weight: 400;\">&#8212;&#8212;&#8212;&#8212;&#8212;&#8212;&#8212;&#8212;&#8212;&#8212;&#8212;&#8212;&#8212;&#8212;&#8212;&#8212;&#8212;&#8212;&#8212;&#8212;&#8212;&#8212;&#8212;&#8212;&#8212;&#8212;&#8212;&#8212;&#8212;&#8212;&#8212;&#8212;&#8212;&#8212;&#8212;<\/span><\/p>\n<p>&nbsp;<\/p>\n<p><b>Veranstaltungen:\u00a0<\/b><\/p>\n<p>&nbsp;<\/p>\n<p><b>SO, 06. Okt: Abendmahl &amp; Ap\u00e9ro<\/b><\/p>\n<p><span style=\"font-weight: 400;\">Ihr d\u00fcrft <\/span><b>gern Dessert, Kuchen oder Salat bringen<\/b><span style=\"font-weight: 400;\">. Danke! Herzlichen Dank an Valeria f\u00fcrs Kochen! <\/span><span style=\"font-weight: 400;\">\ud83d\ude0a<\/span><span style=\"font-weight: 400;\">\u00a0<\/span><\/p>\n<p><span style=\"font-weight: 400;\">Gluten-Unvertr\u00e4glichkeit? Nimm <\/span><b>einen glutenfreien Cracker am Infotisch f\u00fcr das Abendmahl\u00a0<\/b><\/p>\n<p>&nbsp;<\/p>\n<p><b>MO, 07. Okt.,17 Uhr: Mahnwache zur Erinnerung an das Massaker in Israel vor einem Jahr, an die Geisel und Opfer<\/b><\/p>\n<p><span style=\"font-weight: 400;\">Ort<\/span><b>: Marktplatz Basel<\/b><span style=\"font-weight: 400;\">. Kleine Transparente und Israelflaggen mitbringen. Stille Mahnwache. Veranstalter: verschiedene christliche Organisationen\u00a0<\/span><\/p>\n<p>&nbsp;<\/p>\n<p><b>Jeden MO: Oikos Challenge Gruppe auf \u00abSignal\u00bb<\/b><\/p>\n<p><b>Lass dich zu etwas Positivem anspornen!<\/b><span style=\"font-weight: 400;\"> Am Wochenanfang gibt es<\/span><b> jeweils eine neue Aufgabe, <\/b><span style=\"font-weight: 400;\">die wir gemeinsam eine Woche lang machen. <\/span><b>Es macht Spass<\/b><span style=\"font-weight: 400;\">! Leitung: Michaela M.\u00a0<\/span><\/p>\n<p>&nbsp;<\/p>\n<ol start=\"2\">\n<li><b> DO \/ Monat,19 Uhr:<\/b> <b>Hauskreis mit Philipp &amp; Rose M. in Reinach, mit Abendessen<\/b><\/li>\n<\/ol>\n<p><span style=\"font-weight: 400;\">Man trifft sich bei Ursula Meyer, Thiersteinerstr. 24, 4153 Reinach.\u00a0<\/span><\/p>\n<p><b>Bitte melde dich an.<\/b><span style=\"font-weight: 400;\"> Philipp: Tel. 076 331 96 92), Rose: Tel. 076 441 57 81. Freiwilliger Beitrag f\u00fcr das Essen (CHF 5.-)\u00a0<\/span><\/p>\n<p>&nbsp;<\/p>\n<p><b>DI, 08. + 15. Okt.,19.30h: Gebet f\u00fcr die Gemeinde und die Nationen<\/b><\/p>\n<p><span style=\"font-weight: 400;\">Im Gemeindesaal, Margarethenstr. 103, Basel.\u00a0 Leitung: Cristina C. &amp; Simon S.\u00a0<\/span><\/p>\n<p><b>Alle sind herzlich eingeladen!\u00a0<\/b><\/p>\n<p>&nbsp;<\/p>\n<p><b>SA, 12. Okt., 14.30h: Treffen der \u00abMitenand-Gruppe\u00bb<\/b><\/p>\n<p><span style=\"font-weight: 400;\">Ein <\/span><b>fr\u00f6hliches Miteinander<\/b><span style=\"font-weight: 400;\">, zu dem <\/span><b>alle eingeladen sind<\/b><span style=\"font-weight: 400;\">!\u00a0<\/span><\/p>\n<p><span style=\"font-weight: 400;\">Treffpunkt: Gr\u00fcn 80, Eingang Restaurant. Leitung: Christine H. + Ursula M.\u00a0<\/span><\/p>\n<p>&nbsp;<\/p>\n<p><b>MI, 16. Okt., 9.30-11.30h: Oikos Ladies Coffee Club bei Mandy\u00a0<\/b><\/p>\n<p><span style=\"font-weight: 400;\">Mandy Muckett<\/span><span style=\"font-weight: 400;\">,<\/span><span style=\"font-weight: 400;\"> Breite Strasse 54, 4132 Muttenz. Tram 14, Haltestelle \u00abRothausstrasse\u00bb. <\/span><b>Komm einfach vorbei<\/b><span style=\"font-weight: 400;\">! Ohne Anmeldung.\u00a0<\/span><\/p>\n<p>&nbsp;<\/p>\n<p><b>SA, 19. Okt: Gemeinde-Ausflug an den Schluchsee mit Renate S.\u00a0<\/b><\/p>\n<p><b>Sei dabei! Zeit: 10.00<\/b><span style=\"font-weight: 400;\"> \u2013 ca.20.00 Uhr: <\/span><b>Radeln: mit E-Bikes um den See oder Wandern: von Schluchsee nach Aha-\u00c4ule, <\/b><span style=\"font-weight: 400;\">Retour mit dem Zug. Restaurant Tennenm\u00fchle: Gemeinschaft bei einem feinen Essen. Es w\u00e4re gut, wenn wir auch Leute mit Auto dabeih\u00e4tten. <\/span><b>Melde dich bei Renate S. an: Tel. 076 74 72 456 (WhatsApp)<\/b><\/p>\n<p>&nbsp;<\/p>\n<p><b>SA, 26. Okt., 9.30Uhr: Prophetisch Dienen mit Lora Allison, USA\u00a0<\/b><\/p>\n<p><b>Tagesseminar: 9:30h \u2013 17.30h<\/b><\/p>\n<p><span style=\"font-weight: 400;\">Lora Allison, eine Prophetin mit viel Erfahrung, <\/span><b>wird uns im Prophetischen trai-nieren. Es wird auch praktische \u00dcbungen geben <\/b><span style=\"font-weight: 400;\">und<\/span> <span style=\"font-weight: 400;\">sicher viel <\/span><b>Spass machen<\/b><span style=\"font-weight: 400;\">! \u00dcber Mittag verpflegt sich jeder selbst.\u00a0<\/span><\/p>\n<p><span style=\"font-weight: 400;\">Ort: hop Geb\u00e4ude, Margarethenstr. 103, Basel. Englisch-Deutsch.\u00a0<\/span><\/p>\n<p><b>Teilnahme am ganzen Seminar ist Voraussetzung f\u00fcr die Anmeldung. <\/b><b>Verbindliche Anmeldung<\/b> <b>bis 18. Okt. <\/b><span style=\"font-weight: 400;\">bei <\/span><a href=\"mailto:info@bete.net\"><span style=\"font-weight: 400;\">info@bete.net<\/span><\/a><span style=\"font-weight: 400;\">.<\/span><b>\u00a0<\/b><\/p>\n<p><b>Preis: CHF 50.- \/ Person. Ehepaar: CHF 80.-<\/b><span style=\"font-weight: 400;\"> Bezahlung im Voraus an Stiftung b\/e\/t\/e. Zweck:\u00a0 Seminar Lora Allison Okt. 24<\/span><\/p>\n<p>&nbsp;<\/p>\n<p><b>Special Meetings mit Prophetin Lora Allison, USA<\/b><span style=\"font-weight: 400;\">:\u00a0<\/span><\/p>\n<p><b>SO 27.10., 10 Uhr: Oikos Gottesdienst<\/b><\/p>\n<p><b>MO, 28.10. &amp; DI, 29.10.,19.30h, im hop Geb\u00e4ude<\/b><span style=\"font-weight: 400;\">, Margarethenstr. 103, Basel. English-Deutsch, Eintritt frei, Kollekte<\/span><\/p>\n<p>&nbsp;<\/p>\n<p><b>M\u00f6chtest du einmal im Monat in der Caf\u00e9teria mitarbeiten?<\/b><\/p>\n<p><span style=\"font-weight: 400;\">Melde dich bei Mandy Muckett: <\/span><a href=\"mailto:mandymuckett@gmail.com\"><span style=\"font-weight: 400;\">mandymuckett@gmail.com<\/span><\/a><\/p>\n<p>&nbsp;<\/p>\n<p><b>Kollekte \/ Zehnter \/ Dauerauftrag<\/b><\/p>\n<p><span style=\"font-weight: 400;\">Danke f\u00fcr dein finanzielles Mittragen der Gemeindearbeit.\u00a0<\/span><\/p>\n<p>&nbsp;<\/p>\n<p><b>M\u00f6chtest du dich taufen lassen (Wassertaufe)?<\/b><\/p>\n<p><b>Anmeldeliste auf dem Infotisch<\/b><span style=\"font-weight: 400;\"> ein. <\/span><b>Wenn wir eine Gruppe von T\u00e4uflingen zusammen haben,<\/b><span style=\"font-weight: 400;\"> planen wir konkret, wann und wo die Taufe stattfindet.\u00a0<\/span><\/p>\n<p>&nbsp;<\/p>\n<p><b>Hast du ein gutes Geh\u00f6r? Kannst du den PC bedienen oder filmen?<\/b><span style=\"font-weight: 400;\">\u00a0<\/span><\/p>\n<p><b>Melde dich bei Keith Muckett<\/b><span style=\"font-weight: 400;\">, Tel, 061 461 10 01, <\/span><a href=\"mailto:Keith_muckett@hotmail.com\"><span style=\"font-weight: 400;\">Keith_muckett@hotmail.com<\/span><\/a><span style=\"font-weight: 400;\"> .<\/span><\/p>\n<p><span style=\"font-weight: 400;\">Jeder bekommt eine gute Einf\u00fchrung in den Bereich, in dem er dann mitarbeitet!\u00a0<\/span><\/p>\n<p>&nbsp;<\/p>\n<p><b>Aufstellen + Wegr\u00e4umen der St\u00fchle f\u00fcr den Gottesdienst\u00a0<\/b><\/p>\n<p><b>Wir brauchen dich!<\/b><span style=\"font-weight: 400;\"> Einsatz: Ca. 9:30h und nach dem Gottesdienst. Melde dich bei Matthias Hinkel, Tel. 079 459 23 06, <\/span><a href=\"mailto:matthias-hinkel@gmx.de\"><span style=\"font-weight: 400;\">matthias-hinkel@gmx.de<\/span><\/a><\/p>\n<p>&nbsp;<\/p>\n<p><b>Strasseneins\u00e4tze von Netzwerk Basel: <\/b><b>www.netzwerkbasel.ch<\/b><\/p>\n<p><span style=\"font-weight: 400;\">Geschwister aus verschiedenen Gemeinden gehen regelm\u00e4ssig <\/span><b>samstag-nachmittags <\/b><span style=\"font-weight: 400;\">auf die Strassen in<\/span><b> Basel,<\/b><span style=\"font-weight: 400;\"> um mit Menschen \u00fcber das Evangelium zu sprechen. Eine tolle, wichtige Aufgabe! <\/span><b>Sei dabei! Daten siehe Webseite.\u00a0<\/b><\/p>\n<p>&nbsp;<\/p>\n<p><b>Vorschau: SA, 14. Dez., 19.30h: Swiss Glory Night mit Oehningers<\/b><\/p>\n<p><span style=\"font-weight: 400;\">Es erwartet uns ein ganz spezieller Abend mit <\/span><b>Gertrud, Willi und Freunden aus der Stiftung Schleife!\u00a0 Fr\u00f6hliche Anbetung mit Schweizer Liedern und mehr!<\/b><b>\u00a0<\/b><\/p>\n<p>&nbsp;<\/p>\n<p><b>Mitmachen bei b\/e\/t\/e Veranstaltungen: Bist du dabei?<\/b><\/p>\n<p><span style=\"font-weight: 400;\">Wir brauchen Mitarbeitende i<\/span><b>m Ordnerdienst, in der Technik, beim Aufbau oder Abbau usw. Melde dich <\/b><span style=\"font-weight: 400;\">bei Simon S., Mandy M. oder im B\u00fcro (<\/span><a href=\"mailto:info@bete.net\"><span style=\"font-weight: 400;\">info@bete.net<\/span><\/a><span style=\"font-weight: 400;\">).\u00a0<\/span><\/p>\n<p>&nbsp;<\/p>\n<p><b>FCB Fans aufgepasst: Refresh-point. Wurststand der Kirche Offene T\u00fcr Basel<\/b><\/p>\n<p><b>Vor jedem Heimspiel des FCB, 90 Min. vor Anpfiff<\/b><span style=\"font-weight: 400;\"> bietet diese Gemeinde Bratw\u00fcrste an. Ihr Motto: Der Ort, wo dein Hunger und Durst gestillt werden. Guten Appetit!\u00a0<\/span><\/p>\n","protected":false},"author":1,"featured_media":0,"template":"","format":"standard","meta":{"_acf_changed":false,"footnotes":""},"class_list":["post-2447","oic_infoblatt","type-oic_infoblatt","status-publish","format-standard","hentry"],"acf":[],"_links":{"self":[{"href":"https:\/\/oikos-church.ch\/en\/wp-json\/wp\/v2\/oic_infoblatt\/2447","targetHints":{"allow":["GET"]}}],"collection":[{"href":"https:\/\/oikos-church.ch\/en\/wp-json\/wp\/v2\/oic_infoblatt"}],"about":[{"href":"https:\/\/oikos-church.ch\/en\/wp-json\/wp\/v2\/types\/oic_infoblatt"}],"author":[{"embeddable":true,"href":"https:\/\/oikos-church.ch\/en\/wp-json\/wp\/v2\/users\/1"}],"version-history":[{"count":1,"href":"https:\/\/oikos-church.ch\/en\/wp-json\/wp\/v2\/oic_infoblatt\/2447\/revisions"}],"predecessor-version":[{"id":2448,"href":"https:\/\/oikos-church.ch\/en\/wp-json\/wp\/v2\/oic_infoblatt\/2447\/revisions\/2448"}],"wp:attachment":[{"href":"https:\/\/oikos-church.ch\/en\/wp-json\/wp\/v2\/media?parent=2447"}],"curies":[{"name":"wp","href":"https:\/\/api.w.org\/{rel}","templated":true}]}}